{"id":12899,"date":"2019-08-30T14:00:15","date_gmt":"2019-08-30T14:00:15","guid":{"rendered":"https:\/\/firstmemoridev.wpengine.com\/obituaries\/lussier-gerard-gerry\/"},"modified":"2022-08-20T17:46:25","modified_gmt":"2022-08-20T17:46:25","slug":"lussier-gerard-gerry","status":"publish","type":"orbituaries","link":"https:\/\/firstmemorialfairview.com\/fr\/obituaries\/lussier-gerard-gerry\/","title":{"rendered":"LUSSIER, Gerard \u00ab\u00a0Gerry\u00a0\u00bb"},"content":{"rendered":"<p style=\"text-align: left;\">March 6, 1948 &#8211; August 30, 2019<\/p>\n<p style=\"text-align: left;\">Leaves behind his loving wife, Rita Rivard Lussier.\u00a0 Will be greatly missed by his children Richard (Lesley), Robert (Isabelle) and Nicole (Jean-Michel Gagn\u00e9). Cherished grandfather of Deven, Hope, Elisabeth, Alexandre, Dominic, J\u00e9r\u00e9my, Jasmine, Samuel and Joseph.\u00a0 Will be remembered fondly by his brothers and sisters, Victor (Gis\u00e8le), Simon (Lucille), Rose Blais (Herman), Roger (Carmelle), Th\u00e9r\u00e8se Blais (Jean-Marie), Lucille Lacasse (predeceased Victor), Arthur (Shirley), R\u00e9jeanne L\u00e9veill\u00e9 (Rom\u00e9o), Fleurette Milot (Roger) and Jeanne-Mance Sweet (Vallen). Will be missed by mother-in-law C\u00e9cile Rivard as well as by many nieces and nephews, brothers-in law and sisters-in law. Predeceased by his parents Albert and L\u00e9onie Lussier, his father-in-law Roger Rivard, his sister-in-law Denise Lussier and his brother-in-law Jacques Rivard. Memorial service will be held at 11:00am Saturday, September 7th 2019 at Holy Spirit Parish, 1489 Shea Road, Stittsville, Ontario. There will be a wake at 10:00am. In lieu of flowers, donations to the Bruyere Foundation would be appreciated.<\/p>\n<p style=\"text-align: left;\"><strong>\u00a0<\/strong>G\u00e9rard laisse derri\u00e8re son \u00e9pouse bien-aim\u00e9e Rita Rivard Lussier. Il manquera beaucoup \u00e0 ses enfants Richard (Lesley), Robert (Isabelle) et Nicole (Jean-Michel Gagn\u00e9). Grand-p\u00e8re ador\u00e9 de Deven, Hope, Elisabeth, Alexandre, Dominic, J\u00e9r\u00e9my, Jasmine, Samuel et Joseph. Ses fr\u00e8res et s\u0153urs se souviendront de lui avec tendresse, Victor (Gis\u00e8le), Simon (Lucille), Rose Blais (Herman), Roger (Carmelle), Th\u00e9r\u00e8se Blais (Jean-Marie), Lucille Lacasse (Victor, d\u00e9c\u00e9d\u00e9), Arthur (Shirley), R\u00e9jeanne L\u00e9veill\u00e9 (Rom\u00e9o), Fleurette Milot (Roger) et Jeanne-Mance Sweet (Vallen). Il laisse aussi dans le deuil, C\u00e9cile Rivard, sa belle-m\u00e8re, ainsi que beaucoup de neveux et ni\u00e8ces. Pr\u00e9d\u00e9c\u00e9d\u00e9 par ses parents Albert et L\u00e9onie Lussier, son beau-p\u00e8re Roger Rivard, sa belle-soeur Denise Lussier et son beau-fr\u00e8re Jacques Rivard.\u00a0 Le service comm\u00e9moratif aura lieu le samedi 7 septembre 2019 \u00e0 11h \u00e0 la paroisse Holy Spirit, 1489 chemin Shea, Stittsville, Ontario. La famille vous accueillera \u00e0 10h afin de recevoir les condol\u00e9ances des parents et amis.\u00a0 En guise de sympathies, des dons \u00e0 la fondation Bruy\u00e8re seraient appr\u00e9ci\u00e9s au lieu de fleurs.<\/p>\n<p style=\"text-align: left;\">\n","protected":false},"excerpt":{"rendered":"<p>March 6, 1948 &#8211; August 30, 2019 Leaves behind his  [&#8230;]<\/p>\n","protected":false},"featured_media":13679,"comment_status":"open","ping_status":"open","template":"","meta":{"_acf_changed":false},"class_list":["post-12899","orbituaries","type-orbituaries","status-publish","has-post-thumbnail","hentry"],"acf":[],"yoast_head":"<!-- This site is optimized with the Yoast SEO plugin v27.3 - https:\/\/yoast.com\/product\/yoast-seo-wordpress\/ -->\n<title>LUSSIER, Gerard &quot;Gerry&quot; | First Memorial Fairview<\/title>\n<meta name=\"description\" content=\"March 6, 1948 - August 30, 2019 Leaves behind his loving wife, Rita Rivard Lussier.\u00a0 Will be greatly missed by his children Richard (Lesley), Robert\" \/>\n<meta name=\"robots\" content=\"index, follow, max-snippet:-1, max-image-preview:large, max-video-preview:-1\" \/>\n<link rel=\"canonical\" href=\"https:\/\/firstmemorialfairview.com\/fr\/obituaries\/lussier-gerard-gerry\/\" \/>\n<meta property=\"og:locale\" content=\"fr_FR\" \/>\n<meta property=\"og:type\" content=\"article\" \/>\n<meta property=\"og:title\" content=\"LUSSIER, Gerard &quot;Gerry&quot; | First Memorial Fairview\" \/>\n<meta property=\"og:description\" content=\"March 6, 1948 - August 30, 2019 Leaves behind his loving wife, Rita Rivard Lussier.\u00a0 Will be greatly missed by his children Richard (Lesley), Robert\" \/>\n<meta property=\"og:url\" content=\"https:\/\/firstmemorialfairview.com\/fr\/obituaries\/lussier-gerard-gerry\/\" \/>\n<meta property=\"og:site_name\" content=\"First Memorial Fair View\" \/>\n<meta property=\"article:modified_time\" content=\"2022-08-20T17:46:25+00:00\" \/>\n<meta property=\"og:image\" content=\"https:\/\/firstmemorialfairview.com\/wp-content\/uploads\/2019\/08\/Lussier-Obit-Photo-Crop-1024x1011.png\" \/>\n\t<meta property=\"og:image:width\" content=\"1024\" \/>\n\t<meta property=\"og:image:height\" content=\"1011\" \/>\n\t<meta property=\"og:image:type\" content=\"image\/png\" \/>\n<meta name=\"twitter:card\" content=\"summary_large_image\" \/>\n<meta name=\"twitter:label1\" content=\"Dur\u00e9e de lecture estim\u00e9e\" \/>\n\t<meta name=\"twitter:data1\" content=\"2 minutes\" \/>\n<script type=\"application\/ld+json\" class=\"yoast-schema-graph\">{\"@context\":\"https:\\\/\\\/schema.org\",\"@graph\":[{\"@type\":\"WebPage\",\"@id\":\"https:\\\/\\\/firstmemorialfairview.com\\\/fr\\\/obituaries\\\/lussier-gerard-gerry\\\/\",\"url\":\"https:\\\/\\\/firstmemorialfairview.com\\\/fr\\\/obituaries\\\/lussier-gerard-gerry\\\/\",\"name\":\"LUSSIER, Gerard \\\"Gerry\\\" | First Memorial Fairview\",\"isPartOf\":{\"@id\":\"https:\\\/\\\/firstmemorialfairview.com\\\/fr\\\/#website\"},\"primaryImageOfPage\":{\"@id\":\"https:\\\/\\\/firstmemorialfairview.com\\\/fr\\\/obituaries\\\/lussier-gerard-gerry\\\/#primaryimage\"},\"image\":{\"@id\":\"https:\\\/\\\/firstmemorialfairview.com\\\/fr\\\/obituaries\\\/lussier-gerard-gerry\\\/#primaryimage\"},\"thumbnailUrl\":\"https:\\\/\\\/firstmemorialfairview.com\\\/wp-content\\\/uploads\\\/2019\\\/08\\\/Lussier-Obit-Photo-Crop.png\",\"datePublished\":\"2019-08-30T14:00:15+00:00\",\"dateModified\":\"2022-08-20T17:46:25+00:00\",\"description\":\"March 6, 1948 - August 30, 2019 Leaves behind his loving wife, Rita Rivard Lussier.\u00a0 Will be greatly missed by his children Richard (Lesley), Robert\",\"breadcrumb\":{\"@id\":\"https:\\\/\\\/firstmemorialfairview.com\\\/fr\\\/obituaries\\\/lussier-gerard-gerry\\\/#breadcrumb\"},\"inLanguage\":\"fr-FR\",\"potentialAction\":[{\"@type\":\"ReadAction\",\"target\":[\"https:\\\/\\\/firstmemorialfairview.com\\\/fr\\\/obituaries\\\/lussier-gerard-gerry\\\/\"]}]},{\"@type\":\"ImageObject\",\"inLanguage\":\"fr-FR\",\"@id\":\"https:\\\/\\\/firstmemorialfairview.com\\\/fr\\\/obituaries\\\/lussier-gerard-gerry\\\/#primaryimage\",\"url\":\"https:\\\/\\\/firstmemorialfairview.com\\\/wp-content\\\/uploads\\\/2019\\\/08\\\/Lussier-Obit-Photo-Crop.png\",\"contentUrl\":\"https:\\\/\\\/firstmemorialfairview.com\\\/wp-content\\\/uploads\\\/2019\\\/08\\\/Lussier-Obit-Photo-Crop.png\",\"width\":1521,\"height\":1501,\"caption\":\"Lussier Obit Photo Crop\"},{\"@type\":\"BreadcrumbList\",\"@id\":\"https:\\\/\\\/firstmemorialfairview.com\\\/fr\\\/obituaries\\\/lussier-gerard-gerry\\\/#breadcrumb\",\"itemListElement\":[{\"@type\":\"ListItem\",\"position\":1,\"name\":\"Home\",\"item\":\"https:\\\/\\\/firstmemorialfairview.com\\\/fr\\\/homepage\\\/\"},{\"@type\":\"ListItem\",\"position\":2,\"name\":\"Orbituaries\",\"item\":\"https:\\\/\\\/firstmemorialfairview.com\\\/fr\\\/obituaries\\\/\"},{\"@type\":\"ListItem\",\"position\":3,\"name\":\"LUSSIER, Gerard &#8220;Gerry&#8221;\"}]},{\"@type\":\"WebSite\",\"@id\":\"https:\\\/\\\/firstmemorialfairview.com\\\/fr\\\/#website\",\"url\":\"https:\\\/\\\/firstmemorialfairview.com\\\/fr\\\/\",\"name\":\"First Memorial Fair View\",\"description\":\"Your SUPER-powered WP Engine Site\",\"publisher\":{\"@id\":\"https:\\\/\\\/firstmemorialfairview.com\\\/fr\\\/#organization\"},\"potentialAction\":[{\"@type\":\"SearchAction\",\"target\":{\"@type\":\"EntryPoint\",\"urlTemplate\":\"https:\\\/\\\/firstmemorialfairview.com\\\/fr\\\/?s={search_term_string}\"},\"query-input\":{\"@type\":\"PropertyValueSpecification\",\"valueRequired\":true,\"valueName\":\"search_term_string\"}}],\"inLanguage\":\"fr-FR\"},{\"@type\":\"Organization\",\"@id\":\"https:\\\/\\\/firstmemorialfairview.com\\\/fr\\\/#organization\",\"name\":\"First Memorial Funeral Services\",\"url\":\"https:\\\/\\\/firstmemorialfairview.com\\\/fr\\\/\",\"logo\":{\"@type\":\"ImageObject\",\"inLanguage\":\"fr-FR\",\"@id\":\"https:\\\/\\\/firstmemorialfairview.com\\\/fr\\\/#\\\/schema\\\/logo\\\/image\\\/\",\"url\":\"https:\\\/\\\/firstmemorialfairview.com\\\/wp-content\\\/uploads\\\/2022\\\/07\\\/logo.png\",\"contentUrl\":\"https:\\\/\\\/firstmemorialfairview.com\\\/wp-content\\\/uploads\\\/2022\\\/07\\\/logo.png\",\"width\":190,\"height\":117,\"caption\":\"First Memorial Funeral Services\"},\"image\":{\"@id\":\"https:\\\/\\\/firstmemorialfairview.com\\\/fr\\\/#\\\/schema\\\/logo\\\/image\\\/\"}}]}<\/script>\n<!-- \/ Yoast SEO plugin. -->","yoast_head_json":{"title":"LUSSIER, Gerard \"Gerry\" | First Memorial Fairview","description":"March 6, 1948 - August 30, 2019 Leaves behind his loving wife, Rita Rivard Lussier.\u00a0 Will be greatly missed by his children Richard (Lesley), Robert","robots":{"index":"index","follow":"follow","max-snippet":"max-snippet:-1","max-image-preview":"max-image-preview:large","max-video-preview":"max-video-preview:-1"},"canonical":"https:\/\/firstmemorialfairview.com\/fr\/obituaries\/lussier-gerard-gerry\/","og_locale":"fr_FR","og_type":"article","og_title":"LUSSIER, Gerard \"Gerry\" | First Memorial Fairview","og_description":"March 6, 1948 - August 30, 2019 Leaves behind his loving wife, Rita Rivard Lussier.\u00a0 Will be greatly missed by his children Richard (Lesley), Robert","og_url":"https:\/\/firstmemorialfairview.com\/fr\/obituaries\/lussier-gerard-gerry\/","og_site_name":"First Memorial Fair View","article_modified_time":"2022-08-20T17:46:25+00:00","og_image":[{"width":1024,"height":1011,"url":"https:\/\/firstmemorialfairview.com\/wp-content\/uploads\/2019\/08\/Lussier-Obit-Photo-Crop-1024x1011.png","type":"image\/png"}],"twitter_card":"summary_large_image","twitter_misc":{"Dur\u00e9e de lecture estim\u00e9e":"2 minutes"},"schema":{"@context":"https:\/\/schema.org","@graph":[{"@type":"WebPage","@id":"https:\/\/firstmemorialfairview.com\/fr\/obituaries\/lussier-gerard-gerry\/","url":"https:\/\/firstmemorialfairview.com\/fr\/obituaries\/lussier-gerard-gerry\/","name":"LUSSIER, Gerard \"Gerry\" | First Memorial Fairview","isPartOf":{"@id":"https:\/\/firstmemorialfairview.com\/fr\/#website"},"primaryImageOfPage":{"@id":"https:\/\/firstmemorialfairview.com\/fr\/obituaries\/lussier-gerard-gerry\/#primaryimage"},"image":{"@id":"https:\/\/firstmemorialfairview.com\/fr\/obituaries\/lussier-gerard-gerry\/#primaryimage"},"thumbnailUrl":"https:\/\/firstmemorialfairview.com\/wp-content\/uploads\/2019\/08\/Lussier-Obit-Photo-Crop.png","datePublished":"2019-08-30T14:00:15+00:00","dateModified":"2022-08-20T17:46:25+00:00","description":"March 6, 1948 - August 30, 2019 Leaves behind his loving wife, Rita Rivard Lussier.\u00a0 Will be greatly missed by his children Richard (Lesley), Robert","breadcrumb":{"@id":"https:\/\/firstmemorialfairview.com\/fr\/obituaries\/lussier-gerard-gerry\/#breadcrumb"},"inLanguage":"fr-FR","potentialAction":[{"@type":"ReadAction","target":["https:\/\/firstmemorialfairview.com\/fr\/obituaries\/lussier-gerard-gerry\/"]}]},{"@type":"ImageObject","inLanguage":"fr-FR","@id":"https:\/\/firstmemorialfairview.com\/fr\/obituaries\/lussier-gerard-gerry\/#primaryimage","url":"https:\/\/firstmemorialfairview.com\/wp-content\/uploads\/2019\/08\/Lussier-Obit-Photo-Crop.png","contentUrl":"https:\/\/firstmemorialfairview.com\/wp-content\/uploads\/2019\/08\/Lussier-Obit-Photo-Crop.png","width":1521,"height":1501,"caption":"Lussier Obit Photo Crop"},{"@type":"BreadcrumbList","@id":"https:\/\/firstmemorialfairview.com\/fr\/obituaries\/lussier-gerard-gerry\/#breadcrumb","itemListElement":[{"@type":"ListItem","position":1,"name":"Home","item":"https:\/\/firstmemorialfairview.com\/fr\/homepage\/"},{"@type":"ListItem","position":2,"name":"Orbituaries","item":"https:\/\/firstmemorialfairview.com\/fr\/obituaries\/"},{"@type":"ListItem","position":3,"name":"LUSSIER, Gerard &#8220;Gerry&#8221;"}]},{"@type":"WebSite","@id":"https:\/\/firstmemorialfairview.com\/fr\/#website","url":"https:\/\/firstmemorialfairview.com\/fr\/","name":"First Memorial Fair View","description":"Your SUPER-powered WP Engine Site","publisher":{"@id":"https:\/\/firstmemorialfairview.com\/fr\/#organization"},"potentialAction":[{"@type":"SearchAction","target":{"@type":"EntryPoint","urlTemplate":"https:\/\/firstmemorialfairview.com\/fr\/?s={search_term_string}"},"query-input":{"@type":"PropertyValueSpecification","valueRequired":true,"valueName":"search_term_string"}}],"inLanguage":"fr-FR"},{"@type":"Organization","@id":"https:\/\/firstmemorialfairview.com\/fr\/#organization","name":"First Memorial Funeral Services","url":"https:\/\/firstmemorialfairview.com\/fr\/","logo":{"@type":"ImageObject","inLanguage":"fr-FR","@id":"https:\/\/firstmemorialfairview.com\/fr\/#\/schema\/logo\/image\/","url":"https:\/\/firstmemorialfairview.com\/wp-content\/uploads\/2022\/07\/logo.png","contentUrl":"https:\/\/firstmemorialfairview.com\/wp-content\/uploads\/2022\/07\/logo.png","width":190,"height":117,"caption":"First Memorial Funeral Services"},"image":{"@id":"https:\/\/firstmemorialfairview.com\/fr\/#\/schema\/logo\/image\/"}}]}},"_links":{"self":[{"href":"https:\/\/firstmemorialfairview.com\/fr\/wp-json\/wp\/v2\/orbituaries\/12899","targetHints":{"allow":["GET"]}}],"collection":[{"href":"https:\/\/firstmemorialfairview.com\/fr\/wp-json\/wp\/v2\/orbituaries"}],"about":[{"href":"https:\/\/firstmemorialfairview.com\/fr\/wp-json\/wp\/v2\/types\/orbituaries"}],"replies":[{"embeddable":true,"href":"https:\/\/firstmemorialfairview.com\/fr\/wp-json\/wp\/v2\/comments?post=12899"}],"wp:featuredmedia":[{"embeddable":true,"href":"https:\/\/firstmemorialfairview.com\/fr\/wp-json\/wp\/v2\/media\/13679"}],"wp:attachment":[{"href":"https:\/\/firstmemorialfairview.com\/fr\/wp-json\/wp\/v2\/media?parent=12899"}],"curies":[{"name":"wp","href":"https:\/\/api.w.org\/{rel}","templated":true}]}}