{"id":12878,"date":"2019-06-04T17:43:55","date_gmt":"2019-06-04T17:43:55","guid":{"rendered":"https:\/\/firstmemoridev.wpengine.com\/obituaries\/labonte-rene-joseph\/"},"modified":"2022-08-24T13:46:43","modified_gmt":"2022-08-24T13:46:43","slug":"labonte-rene-joseph","status":"publish","type":"orbituaries","link":"https:\/\/firstmemorialfairview.com\/fr\/obituaries\/labonte-rene-joseph\/","title":{"rendered":"LABONT\u00c9, Ren\u00e9 Joseph"},"content":{"rendered":"<p>It is with great sadness we announce the sudden passing of Ren\u00e9 Joseph Labont\u00e9, on June 4th, 2019, at the age of 91. He is survived by his sister, Laurette (L\u00e9o), his two sons Raymond (Dianne), Guy (Diane), his two grandchildren, St\u00e9ffan (Jaime), Erik and his great granddaughter, Lucy Ren\u00e9e. Funeral Services will be held on Friday, June14, 2019 at 12:30 at Ste Genevieve Church, Ottawa.<br \/>\nArrangements under the care and direction of First Memorial Funeral Service \u2013 Fairview Chapel, 259 St. Patrick Street, Ottawa, ON K1N5K4. On-line condolences may be left at <a href=\"http:\/\/www.firstmemorialfairview.com\">www.firstmemorialfairview.com.<\/a><\/p>\n<p>Ren\u00e9 was a proud member of l\u2019Institut Canadien Francais d&rsquo;Ottawa<\/p>\n<p>Ren\u00e9 Joseph Labont\u00e9 (25\/09\/1927 &#8211; 4\/6\/2019)<\/p>\n<p>Jean 3:16 &#8211; \u00abCar Dieu a tant aim\u00e9 le monde qu&rsquo;il a donn\u00e9 son Fils unique, afin que quiconque croit en lui ne p\u00e9risse point, mais qu&rsquo;il ait la vie \u00e9ternelle.<br \/>\nC&rsquo;est avec une profonde tristesse que nous annon\u00e7ons la mort de notre p\u00e8re, Ren\u00e9 Joseph Labont\u00e9. Il est d\u00e9c\u00e9d\u00e9 \u00e0 l&rsquo;H\u00f4pital Civic apr\u00e8s avoir succomb\u00e9 aux s\u00e9quelles li\u00e9s \u00e0 un AVC.<br \/>\n\u00c0 la m\u00e9moire \u00e0 jamais aimante de Ren\u00e9 Joseph Labont\u00e9, qui a quitt\u00e9 cette terre, le 4 juin 2019 pour entrer en sa demeure c\u00e9leste. Alors que tu laisses un vide dans nos c\u0153urs, tu nous as aussi offert une vie de souvenirs. Il laisse derri\u00e8re lui ses fils Raymond (Dianne) et Guy (Diane), sa soeur Laurette (L\u00e9o) ses petits fils St\u00e9ffan (Jaime) et Erik, ainsi que son arri\u00e8re-petite-fille Lucy Ren\u00e9e. Il etait un fier membre de ICFO<br \/>\nSelon ses souhaits, le service fun\u00e8bre sera r\u00e9serv\u00e9 pour la famille mais nous vous invitons \u00e0 assister a une messe a l\u2019eglise St Genevieve pour prier son \u00e2me le 14 Juin.a 12:30<br \/>\nQue ton \u00e2me repose dans la paix \u00e9ternelle.<\/p>\n","protected":false},"excerpt":{"rendered":"<p>It is with great sadness we announce the sudden passing  [&#8230;]<\/p>\n","protected":false},"featured_media":13695,"comment_status":"open","ping_status":"open","template":"","meta":{"_acf_changed":false},"class_list":["post-12878","orbituaries","type-orbituaries","status-publish","has-post-thumbnail","hentry"],"acf":[],"yoast_head":"<!-- This site is optimized with the Yoast SEO plugin v27.3 - https:\/\/yoast.com\/product\/yoast-seo-wordpress\/ -->\n<title>LABONT\u00c9, Ren\u00e9 Joseph | First Memorial Fairview<\/title>\n<meta name=\"description\" content=\"It is with great sadness we announce the sudden passing of Ren\u00e9 Joseph Labont\u00e9, on June 4th, 2019, at the age of 91. He is survived by his sister,\" \/>\n<meta name=\"robots\" content=\"index, follow, max-snippet:-1, max-image-preview:large, max-video-preview:-1\" \/>\n<link rel=\"canonical\" href=\"https:\/\/firstmemorialfairview.com\/fr\/obituaries\/labonte-rene-joseph\/\" \/>\n<meta property=\"og:locale\" content=\"fr_FR\" \/>\n<meta property=\"og:type\" content=\"article\" \/>\n<meta property=\"og:title\" content=\"LABONT\u00c9, Ren\u00e9 Joseph | First Memorial Fairview\" \/>\n<meta property=\"og:description\" content=\"It is with great sadness we announce the sudden passing of Ren\u00e9 Joseph Labont\u00e9, on June 4th, 2019, at the age of 91. He is survived by his sister,\" \/>\n<meta property=\"og:url\" content=\"https:\/\/firstmemorialfairview.com\/fr\/obituaries\/labonte-rene-joseph\/\" \/>\n<meta property=\"og:site_name\" content=\"First Memorial Fair View\" \/>\n<meta property=\"article:modified_time\" content=\"2022-08-24T13:46:43+00:00\" \/>\n<meta property=\"og:image\" content=\"https:\/\/firstmemorialfairview.com\/wp-content\/uploads\/2019\/06\/rene-labonte-1.png\" \/>\n\t<meta property=\"og:image:width\" content=\"392\" \/>\n\t<meta property=\"og:image:height\" content=\"545\" \/>\n\t<meta property=\"og:image:type\" content=\"image\/png\" \/>\n<meta name=\"twitter:card\" content=\"summary_large_image\" \/>\n<meta name=\"twitter:label1\" content=\"Dur\u00e9e de lecture estim\u00e9e\" \/>\n\t<meta name=\"twitter:data1\" content=\"2 minutes\" \/>\n<script type=\"application\/ld+json\" class=\"yoast-schema-graph\">{\"@context\":\"https:\\\/\\\/schema.org\",\"@graph\":[{\"@type\":\"WebPage\",\"@id\":\"https:\\\/\\\/firstmemorialfairview.com\\\/fr\\\/obituaries\\\/labonte-rene-joseph\\\/\",\"url\":\"https:\\\/\\\/firstmemorialfairview.com\\\/fr\\\/obituaries\\\/labonte-rene-joseph\\\/\",\"name\":\"LABONT\u00c9, Ren\u00e9 Joseph | First Memorial Fairview\",\"isPartOf\":{\"@id\":\"https:\\\/\\\/firstmemorialfairview.com\\\/fr\\\/#website\"},\"primaryImageOfPage\":{\"@id\":\"https:\\\/\\\/firstmemorialfairview.com\\\/fr\\\/obituaries\\\/labonte-rene-joseph\\\/#primaryimage\"},\"image\":{\"@id\":\"https:\\\/\\\/firstmemorialfairview.com\\\/fr\\\/obituaries\\\/labonte-rene-joseph\\\/#primaryimage\"},\"thumbnailUrl\":\"https:\\\/\\\/firstmemorialfairview.com\\\/wp-content\\\/uploads\\\/2019\\\/06\\\/rene-labonte-1.png\",\"datePublished\":\"2019-06-04T17:43:55+00:00\",\"dateModified\":\"2022-08-24T13:46:43+00:00\",\"description\":\"It is with great sadness we announce the sudden passing of Ren\u00e9 Joseph Labont\u00e9, on June 4th, 2019, at the age of 91. He is survived by his sister,\",\"breadcrumb\":{\"@id\":\"https:\\\/\\\/firstmemorialfairview.com\\\/fr\\\/obituaries\\\/labonte-rene-joseph\\\/#breadcrumb\"},\"inLanguage\":\"fr-FR\",\"potentialAction\":[{\"@type\":\"ReadAction\",\"target\":[\"https:\\\/\\\/firstmemorialfairview.com\\\/fr\\\/obituaries\\\/labonte-rene-joseph\\\/\"]}]},{\"@type\":\"ImageObject\",\"inLanguage\":\"fr-FR\",\"@id\":\"https:\\\/\\\/firstmemorialfairview.com\\\/fr\\\/obituaries\\\/labonte-rene-joseph\\\/#primaryimage\",\"url\":\"https:\\\/\\\/firstmemorialfairview.com\\\/wp-content\\\/uploads\\\/2019\\\/06\\\/rene-labonte-1.png\",\"contentUrl\":\"https:\\\/\\\/firstmemorialfairview.com\\\/wp-content\\\/uploads\\\/2019\\\/06\\\/rene-labonte-1.png\",\"width\":392,\"height\":545,\"caption\":\"rene labonte\"},{\"@type\":\"BreadcrumbList\",\"@id\":\"https:\\\/\\\/firstmemorialfairview.com\\\/fr\\\/obituaries\\\/labonte-rene-joseph\\\/#breadcrumb\",\"itemListElement\":[{\"@type\":\"ListItem\",\"position\":1,\"name\":\"Home\",\"item\":\"https:\\\/\\\/firstmemorialfairview.com\\\/fr\\\/homepage\\\/\"},{\"@type\":\"ListItem\",\"position\":2,\"name\":\"Orbituaries\",\"item\":\"https:\\\/\\\/firstmemorialfairview.com\\\/fr\\\/obituaries\\\/\"},{\"@type\":\"ListItem\",\"position\":3,\"name\":\"LABONT\u00c9, Ren\u00e9 Joseph\"}]},{\"@type\":\"WebSite\",\"@id\":\"https:\\\/\\\/firstmemorialfairview.com\\\/fr\\\/#website\",\"url\":\"https:\\\/\\\/firstmemorialfairview.com\\\/fr\\\/\",\"name\":\"First Memorial Fair View\",\"description\":\"Your SUPER-powered WP Engine Site\",\"publisher\":{\"@id\":\"https:\\\/\\\/firstmemorialfairview.com\\\/fr\\\/#organization\"},\"potentialAction\":[{\"@type\":\"SearchAction\",\"target\":{\"@type\":\"EntryPoint\",\"urlTemplate\":\"https:\\\/\\\/firstmemorialfairview.com\\\/fr\\\/?s={search_term_string}\"},\"query-input\":{\"@type\":\"PropertyValueSpecification\",\"valueRequired\":true,\"valueName\":\"search_term_string\"}}],\"inLanguage\":\"fr-FR\"},{\"@type\":\"Organization\",\"@id\":\"https:\\\/\\\/firstmemorialfairview.com\\\/fr\\\/#organization\",\"name\":\"First Memorial Funeral Services\",\"url\":\"https:\\\/\\\/firstmemorialfairview.com\\\/fr\\\/\",\"logo\":{\"@type\":\"ImageObject\",\"inLanguage\":\"fr-FR\",\"@id\":\"https:\\\/\\\/firstmemorialfairview.com\\\/fr\\\/#\\\/schema\\\/logo\\\/image\\\/\",\"url\":\"https:\\\/\\\/firstmemorialfairview.com\\\/wp-content\\\/uploads\\\/2022\\\/07\\\/logo.png\",\"contentUrl\":\"https:\\\/\\\/firstmemorialfairview.com\\\/wp-content\\\/uploads\\\/2022\\\/07\\\/logo.png\",\"width\":190,\"height\":117,\"caption\":\"First Memorial Funeral Services\"},\"image\":{\"@id\":\"https:\\\/\\\/firstmemorialfairview.com\\\/fr\\\/#\\\/schema\\\/logo\\\/image\\\/\"}}]}<\/script>\n<!-- \/ Yoast SEO plugin. -->","yoast_head_json":{"title":"LABONT\u00c9, Ren\u00e9 Joseph | First Memorial Fairview","description":"It is with great sadness we announce the sudden passing of Ren\u00e9 Joseph Labont\u00e9, on June 4th, 2019, at the age of 91. He is survived by his sister,","robots":{"index":"index","follow":"follow","max-snippet":"max-snippet:-1","max-image-preview":"max-image-preview:large","max-video-preview":"max-video-preview:-1"},"canonical":"https:\/\/firstmemorialfairview.com\/fr\/obituaries\/labonte-rene-joseph\/","og_locale":"fr_FR","og_type":"article","og_title":"LABONT\u00c9, Ren\u00e9 Joseph | First Memorial Fairview","og_description":"It is with great sadness we announce the sudden passing of Ren\u00e9 Joseph Labont\u00e9, on June 4th, 2019, at the age of 91. He is survived by his sister,","og_url":"https:\/\/firstmemorialfairview.com\/fr\/obituaries\/labonte-rene-joseph\/","og_site_name":"First Memorial Fair View","article_modified_time":"2022-08-24T13:46:43+00:00","og_image":[{"width":392,"height":545,"url":"https:\/\/firstmemorialfairview.com\/wp-content\/uploads\/2019\/06\/rene-labonte-1.png","type":"image\/png"}],"twitter_card":"summary_large_image","twitter_misc":{"Dur\u00e9e de lecture estim\u00e9e":"2 minutes"},"schema":{"@context":"https:\/\/schema.org","@graph":[{"@type":"WebPage","@id":"https:\/\/firstmemorialfairview.com\/fr\/obituaries\/labonte-rene-joseph\/","url":"https:\/\/firstmemorialfairview.com\/fr\/obituaries\/labonte-rene-joseph\/","name":"LABONT\u00c9, Ren\u00e9 Joseph | First Memorial Fairview","isPartOf":{"@id":"https:\/\/firstmemorialfairview.com\/fr\/#website"},"primaryImageOfPage":{"@id":"https:\/\/firstmemorialfairview.com\/fr\/obituaries\/labonte-rene-joseph\/#primaryimage"},"image":{"@id":"https:\/\/firstmemorialfairview.com\/fr\/obituaries\/labonte-rene-joseph\/#primaryimage"},"thumbnailUrl":"https:\/\/firstmemorialfairview.com\/wp-content\/uploads\/2019\/06\/rene-labonte-1.png","datePublished":"2019-06-04T17:43:55+00:00","dateModified":"2022-08-24T13:46:43+00:00","description":"It is with great sadness we announce the sudden passing of Ren\u00e9 Joseph Labont\u00e9, on June 4th, 2019, at the age of 91. He is survived by his sister,","breadcrumb":{"@id":"https:\/\/firstmemorialfairview.com\/fr\/obituaries\/labonte-rene-joseph\/#breadcrumb"},"inLanguage":"fr-FR","potentialAction":[{"@type":"ReadAction","target":["https:\/\/firstmemorialfairview.com\/fr\/obituaries\/labonte-rene-joseph\/"]}]},{"@type":"ImageObject","inLanguage":"fr-FR","@id":"https:\/\/firstmemorialfairview.com\/fr\/obituaries\/labonte-rene-joseph\/#primaryimage","url":"https:\/\/firstmemorialfairview.com\/wp-content\/uploads\/2019\/06\/rene-labonte-1.png","contentUrl":"https:\/\/firstmemorialfairview.com\/wp-content\/uploads\/2019\/06\/rene-labonte-1.png","width":392,"height":545,"caption":"rene labonte"},{"@type":"BreadcrumbList","@id":"https:\/\/firstmemorialfairview.com\/fr\/obituaries\/labonte-rene-joseph\/#breadcrumb","itemListElement":[{"@type":"ListItem","position":1,"name":"Home","item":"https:\/\/firstmemorialfairview.com\/fr\/homepage\/"},{"@type":"ListItem","position":2,"name":"Orbituaries","item":"https:\/\/firstmemorialfairview.com\/fr\/obituaries\/"},{"@type":"ListItem","position":3,"name":"LABONT\u00c9, Ren\u00e9 Joseph"}]},{"@type":"WebSite","@id":"https:\/\/firstmemorialfairview.com\/fr\/#website","url":"https:\/\/firstmemorialfairview.com\/fr\/","name":"First Memorial Fair View","description":"Your SUPER-powered WP Engine Site","publisher":{"@id":"https:\/\/firstmemorialfairview.com\/fr\/#organization"},"potentialAction":[{"@type":"SearchAction","target":{"@type":"EntryPoint","urlTemplate":"https:\/\/firstmemorialfairview.com\/fr\/?s={search_term_string}"},"query-input":{"@type":"PropertyValueSpecification","valueRequired":true,"valueName":"search_term_string"}}],"inLanguage":"fr-FR"},{"@type":"Organization","@id":"https:\/\/firstmemorialfairview.com\/fr\/#organization","name":"First Memorial Funeral Services","url":"https:\/\/firstmemorialfairview.com\/fr\/","logo":{"@type":"ImageObject","inLanguage":"fr-FR","@id":"https:\/\/firstmemorialfairview.com\/fr\/#\/schema\/logo\/image\/","url":"https:\/\/firstmemorialfairview.com\/wp-content\/uploads\/2022\/07\/logo.png","contentUrl":"https:\/\/firstmemorialfairview.com\/wp-content\/uploads\/2022\/07\/logo.png","width":190,"height":117,"caption":"First Memorial Funeral Services"},"image":{"@id":"https:\/\/firstmemorialfairview.com\/fr\/#\/schema\/logo\/image\/"}}]}},"_links":{"self":[{"href":"https:\/\/firstmemorialfairview.com\/fr\/wp-json\/wp\/v2\/orbituaries\/12878","targetHints":{"allow":["GET"]}}],"collection":[{"href":"https:\/\/firstmemorialfairview.com\/fr\/wp-json\/wp\/v2\/orbituaries"}],"about":[{"href":"https:\/\/firstmemorialfairview.com\/fr\/wp-json\/wp\/v2\/types\/orbituaries"}],"replies":[{"embeddable":true,"href":"https:\/\/firstmemorialfairview.com\/fr\/wp-json\/wp\/v2\/comments?post=12878"}],"wp:featuredmedia":[{"embeddable":true,"href":"https:\/\/firstmemorialfairview.com\/fr\/wp-json\/wp\/v2\/media\/13695"}],"wp:attachment":[{"href":"https:\/\/firstmemorialfairview.com\/fr\/wp-json\/wp\/v2\/media?parent=12878"}],"curies":[{"name":"wp","href":"https:\/\/api.w.org\/{rel}","templated":true}]}}