{"id":12809,"date":"2018-11-08T14:41:46","date_gmt":"2018-11-08T14:41:46","guid":{"rendered":"https:\/\/firstmemoridev.wpengine.com\/obituaries\/boucher-edmond-lucien\/"},"modified":"2022-08-20T16:58:26","modified_gmt":"2022-08-20T16:58:26","slug":"boucher-edmond-lucien","status":"publish","type":"orbituaries","link":"https:\/\/firstmemorialfairview.com\/fr\/obituaries\/boucher-edmond-lucien\/","title":{"rendered":"BOUCHER, Edmond Lucien"},"content":{"rendered":"<p><strong>BOUCHER, Edmond \u2013 <\/strong>d\u00e9c\u00e9d\u00e9 le 8 novembre, 2018, \u00e0 l\u2019\u00e2ge de 88 ans. Pr\u00e9c\u00e8de par ses parents Aim\u00e9 Boucher et Marie Cloutier ainsi que ses fr\u00e8res Maurice, Denis, Olivier, Jean-Paul, ses s\u0153urs Florence, Julienne, Aline et son petit-fils Martin Dupont. Il laisse dans le deuil son \u00e9pouse Annette Roy, sa fille H\u00e9l\u00e8ne Dupont, ses fils Michel, (C\u00e9line), Jacques, (Laurie), St\u00e9phane, (Joyce). Ses petits enfants M\u00e9lanie, Daniel, Michel, Emilie, Val\u00e9rie, Janie, Scott, Chad et trois arri\u00e8res petits enfants. Il laisse ainsi dans le deuil sa s\u0153ur Sr. Fernande f.d.j. et un fr\u00e8re Albert. Il y aura une messe \u00e0 l\u2019\u00e9glise Notre-Dame-de-Lourdes (435, chemin Montr\u00e9al) \u00e0 10h30 le 16 novembre, 2018. La famille recevra les condol\u00e9ances \u00e0 compter de 10h.<\/p>\n","protected":false},"excerpt":{"rendered":"<p>BOUCHER, Edmond \u2013 d\u00e9c\u00e9d\u00e9 le 8 novembre, 2018, \u00e0 l\u2019\u00e2ge  [&#8230;]<\/p>\n","protected":false},"featured_media":13485,"comment_status":"open","ping_status":"open","template":"","meta":{"_acf_changed":false},"class_list":["post-12809","orbituaries","type-orbituaries","status-publish","has-post-thumbnail","hentry"],"acf":[],"yoast_head":"<!-- This site is optimized with the Yoast SEO plugin v27.3 - https:\/\/yoast.com\/product\/yoast-seo-wordpress\/ -->\n<title>BOUCHER, Edmond Lucien | First Memorial Fairview<\/title>\n<meta name=\"description\" content=\"BOUCHER, Edmond \u2013 d\u00e9c\u00e9d\u00e9 le 8 novembre, 2018, \u00e0 l\u2019\u00e2ge de 88 ans. Pr\u00e9c\u00e8de par ses parents Aim\u00e9 Boucher et Marie Cloutier ainsi que ses fr\u00e8res Maurice,\" \/>\n<meta name=\"robots\" content=\"index, follow, max-snippet:-1, max-image-preview:large, max-video-preview:-1\" \/>\n<link rel=\"canonical\" href=\"https:\/\/firstmemorialfairview.com\/fr\/obituaries\/boucher-edmond-lucien\/\" \/>\n<meta property=\"og:locale\" content=\"fr_FR\" \/>\n<meta property=\"og:type\" content=\"article\" \/>\n<meta property=\"og:title\" content=\"BOUCHER, Edmond Lucien | First Memorial Fairview\" \/>\n<meta property=\"og:description\" content=\"BOUCHER, Edmond \u2013 d\u00e9c\u00e9d\u00e9 le 8 novembre, 2018, \u00e0 l\u2019\u00e2ge de 88 ans. Pr\u00e9c\u00e8de par ses parents Aim\u00e9 Boucher et Marie Cloutier ainsi que ses fr\u00e8res Maurice,\" \/>\n<meta property=\"og:url\" content=\"https:\/\/firstmemorialfairview.com\/fr\/obituaries\/boucher-edmond-lucien\/\" \/>\n<meta property=\"og:site_name\" content=\"First Memorial Fair View\" \/>\n<meta property=\"article:modified_time\" content=\"2022-08-20T16:58:26+00:00\" \/>\n<meta property=\"og:image\" content=\"https:\/\/firstmemorialfairview.com\/wp-content\/uploads\/2018\/11\/BOUCHER-Edmond-1.jpg\" \/>\n\t<meta property=\"og:image:width\" content=\"274\" \/>\n\t<meta property=\"og:image:height\" content=\"381\" \/>\n\t<meta property=\"og:image:type\" content=\"image\/jpeg\" \/>\n<meta name=\"twitter:card\" content=\"summary_large_image\" \/>\n<meta name=\"twitter:label1\" content=\"Dur\u00e9e de lecture estim\u00e9e\" \/>\n\t<meta name=\"twitter:data1\" content=\"1 minute\" \/>\n<script type=\"application\/ld+json\" class=\"yoast-schema-graph\">{\"@context\":\"https:\\\/\\\/schema.org\",\"@graph\":[{\"@type\":\"WebPage\",\"@id\":\"https:\\\/\\\/firstmemorialfairview.com\\\/fr\\\/obituaries\\\/boucher-edmond-lucien\\\/\",\"url\":\"https:\\\/\\\/firstmemorialfairview.com\\\/fr\\\/obituaries\\\/boucher-edmond-lucien\\\/\",\"name\":\"BOUCHER, Edmond Lucien | First Memorial Fairview\",\"isPartOf\":{\"@id\":\"https:\\\/\\\/firstmemorialfairview.com\\\/fr\\\/#website\"},\"primaryImageOfPage\":{\"@id\":\"https:\\\/\\\/firstmemorialfairview.com\\\/fr\\\/obituaries\\\/boucher-edmond-lucien\\\/#primaryimage\"},\"image\":{\"@id\":\"https:\\\/\\\/firstmemorialfairview.com\\\/fr\\\/obituaries\\\/boucher-edmond-lucien\\\/#primaryimage\"},\"thumbnailUrl\":\"https:\\\/\\\/firstmemorialfairview.com\\\/wp-content\\\/uploads\\\/2018\\\/11\\\/BOUCHER-Edmond-1.jpg\",\"datePublished\":\"2018-11-08T14:41:46+00:00\",\"dateModified\":\"2022-08-20T16:58:26+00:00\",\"description\":\"BOUCHER, Edmond \u2013 d\u00e9c\u00e9d\u00e9 le 8 novembre, 2018, \u00e0 l\u2019\u00e2ge de 88 ans. Pr\u00e9c\u00e8de par ses parents Aim\u00e9 Boucher et Marie Cloutier ainsi que ses fr\u00e8res Maurice,\",\"breadcrumb\":{\"@id\":\"https:\\\/\\\/firstmemorialfairview.com\\\/fr\\\/obituaries\\\/boucher-edmond-lucien\\\/#breadcrumb\"},\"inLanguage\":\"fr-FR\",\"potentialAction\":[{\"@type\":\"ReadAction\",\"target\":[\"https:\\\/\\\/firstmemorialfairview.com\\\/fr\\\/obituaries\\\/boucher-edmond-lucien\\\/\"]}]},{\"@type\":\"ImageObject\",\"inLanguage\":\"fr-FR\",\"@id\":\"https:\\\/\\\/firstmemorialfairview.com\\\/fr\\\/obituaries\\\/boucher-edmond-lucien\\\/#primaryimage\",\"url\":\"https:\\\/\\\/firstmemorialfairview.com\\\/wp-content\\\/uploads\\\/2018\\\/11\\\/BOUCHER-Edmond-1.jpg\",\"contentUrl\":\"https:\\\/\\\/firstmemorialfairview.com\\\/wp-content\\\/uploads\\\/2018\\\/11\\\/BOUCHER-Edmond-1.jpg\",\"width\":274,\"height\":381,\"caption\":\"BOUCHER Edmond\"},{\"@type\":\"BreadcrumbList\",\"@id\":\"https:\\\/\\\/firstmemorialfairview.com\\\/fr\\\/obituaries\\\/boucher-edmond-lucien\\\/#breadcrumb\",\"itemListElement\":[{\"@type\":\"ListItem\",\"position\":1,\"name\":\"Home\",\"item\":\"https:\\\/\\\/firstmemorialfairview.com\\\/fr\\\/homepage\\\/\"},{\"@type\":\"ListItem\",\"position\":2,\"name\":\"Orbituaries\",\"item\":\"https:\\\/\\\/firstmemorialfairview.com\\\/fr\\\/obituaries\\\/\"},{\"@type\":\"ListItem\",\"position\":3,\"name\":\"BOUCHER, Edmond Lucien\"}]},{\"@type\":\"WebSite\",\"@id\":\"https:\\\/\\\/firstmemorialfairview.com\\\/fr\\\/#website\",\"url\":\"https:\\\/\\\/firstmemorialfairview.com\\\/fr\\\/\",\"name\":\"First Memorial Fair View\",\"description\":\"Your SUPER-powered WP Engine Site\",\"publisher\":{\"@id\":\"https:\\\/\\\/firstmemorialfairview.com\\\/fr\\\/#organization\"},\"potentialAction\":[{\"@type\":\"SearchAction\",\"target\":{\"@type\":\"EntryPoint\",\"urlTemplate\":\"https:\\\/\\\/firstmemorialfairview.com\\\/fr\\\/?s={search_term_string}\"},\"query-input\":{\"@type\":\"PropertyValueSpecification\",\"valueRequired\":true,\"valueName\":\"search_term_string\"}}],\"inLanguage\":\"fr-FR\"},{\"@type\":\"Organization\",\"@id\":\"https:\\\/\\\/firstmemorialfairview.com\\\/fr\\\/#organization\",\"name\":\"First Memorial Funeral Services\",\"url\":\"https:\\\/\\\/firstmemorialfairview.com\\\/fr\\\/\",\"logo\":{\"@type\":\"ImageObject\",\"inLanguage\":\"fr-FR\",\"@id\":\"https:\\\/\\\/firstmemorialfairview.com\\\/fr\\\/#\\\/schema\\\/logo\\\/image\\\/\",\"url\":\"https:\\\/\\\/firstmemorialfairview.com\\\/wp-content\\\/uploads\\\/2022\\\/07\\\/logo.png\",\"contentUrl\":\"https:\\\/\\\/firstmemorialfairview.com\\\/wp-content\\\/uploads\\\/2022\\\/07\\\/logo.png\",\"width\":190,\"height\":117,\"caption\":\"First Memorial Funeral Services\"},\"image\":{\"@id\":\"https:\\\/\\\/firstmemorialfairview.com\\\/fr\\\/#\\\/schema\\\/logo\\\/image\\\/\"}}]}<\/script>\n<!-- \/ Yoast SEO plugin. -->","yoast_head_json":{"title":"BOUCHER, Edmond Lucien | First Memorial Fairview","description":"BOUCHER, Edmond \u2013 d\u00e9c\u00e9d\u00e9 le 8 novembre, 2018, \u00e0 l\u2019\u00e2ge de 88 ans. Pr\u00e9c\u00e8de par ses parents Aim\u00e9 Boucher et Marie Cloutier ainsi que ses fr\u00e8res Maurice,","robots":{"index":"index","follow":"follow","max-snippet":"max-snippet:-1","max-image-preview":"max-image-preview:large","max-video-preview":"max-video-preview:-1"},"canonical":"https:\/\/firstmemorialfairview.com\/fr\/obituaries\/boucher-edmond-lucien\/","og_locale":"fr_FR","og_type":"article","og_title":"BOUCHER, Edmond Lucien | First Memorial Fairview","og_description":"BOUCHER, Edmond \u2013 d\u00e9c\u00e9d\u00e9 le 8 novembre, 2018, \u00e0 l\u2019\u00e2ge de 88 ans. Pr\u00e9c\u00e8de par ses parents Aim\u00e9 Boucher et Marie Cloutier ainsi que ses fr\u00e8res Maurice,","og_url":"https:\/\/firstmemorialfairview.com\/fr\/obituaries\/boucher-edmond-lucien\/","og_site_name":"First Memorial Fair View","article_modified_time":"2022-08-20T16:58:26+00:00","og_image":[{"width":274,"height":381,"url":"https:\/\/firstmemorialfairview.com\/wp-content\/uploads\/2018\/11\/BOUCHER-Edmond-1.jpg","type":"image\/jpeg"}],"twitter_card":"summary_large_image","twitter_misc":{"Dur\u00e9e de lecture estim\u00e9e":"1 minute"},"schema":{"@context":"https:\/\/schema.org","@graph":[{"@type":"WebPage","@id":"https:\/\/firstmemorialfairview.com\/fr\/obituaries\/boucher-edmond-lucien\/","url":"https:\/\/firstmemorialfairview.com\/fr\/obituaries\/boucher-edmond-lucien\/","name":"BOUCHER, Edmond Lucien | First Memorial Fairview","isPartOf":{"@id":"https:\/\/firstmemorialfairview.com\/fr\/#website"},"primaryImageOfPage":{"@id":"https:\/\/firstmemorialfairview.com\/fr\/obituaries\/boucher-edmond-lucien\/#primaryimage"},"image":{"@id":"https:\/\/firstmemorialfairview.com\/fr\/obituaries\/boucher-edmond-lucien\/#primaryimage"},"thumbnailUrl":"https:\/\/firstmemorialfairview.com\/wp-content\/uploads\/2018\/11\/BOUCHER-Edmond-1.jpg","datePublished":"2018-11-08T14:41:46+00:00","dateModified":"2022-08-20T16:58:26+00:00","description":"BOUCHER, Edmond \u2013 d\u00e9c\u00e9d\u00e9 le 8 novembre, 2018, \u00e0 l\u2019\u00e2ge de 88 ans. Pr\u00e9c\u00e8de par ses parents Aim\u00e9 Boucher et Marie Cloutier ainsi que ses fr\u00e8res Maurice,","breadcrumb":{"@id":"https:\/\/firstmemorialfairview.com\/fr\/obituaries\/boucher-edmond-lucien\/#breadcrumb"},"inLanguage":"fr-FR","potentialAction":[{"@type":"ReadAction","target":["https:\/\/firstmemorialfairview.com\/fr\/obituaries\/boucher-edmond-lucien\/"]}]},{"@type":"ImageObject","inLanguage":"fr-FR","@id":"https:\/\/firstmemorialfairview.com\/fr\/obituaries\/boucher-edmond-lucien\/#primaryimage","url":"https:\/\/firstmemorialfairview.com\/wp-content\/uploads\/2018\/11\/BOUCHER-Edmond-1.jpg","contentUrl":"https:\/\/firstmemorialfairview.com\/wp-content\/uploads\/2018\/11\/BOUCHER-Edmond-1.jpg","width":274,"height":381,"caption":"BOUCHER Edmond"},{"@type":"BreadcrumbList","@id":"https:\/\/firstmemorialfairview.com\/fr\/obituaries\/boucher-edmond-lucien\/#breadcrumb","itemListElement":[{"@type":"ListItem","position":1,"name":"Home","item":"https:\/\/firstmemorialfairview.com\/fr\/homepage\/"},{"@type":"ListItem","position":2,"name":"Orbituaries","item":"https:\/\/firstmemorialfairview.com\/fr\/obituaries\/"},{"@type":"ListItem","position":3,"name":"BOUCHER, Edmond Lucien"}]},{"@type":"WebSite","@id":"https:\/\/firstmemorialfairview.com\/fr\/#website","url":"https:\/\/firstmemorialfairview.com\/fr\/","name":"First Memorial Fair View","description":"Your SUPER-powered WP Engine Site","publisher":{"@id":"https:\/\/firstmemorialfairview.com\/fr\/#organization"},"potentialAction":[{"@type":"SearchAction","target":{"@type":"EntryPoint","urlTemplate":"https:\/\/firstmemorialfairview.com\/fr\/?s={search_term_string}"},"query-input":{"@type":"PropertyValueSpecification","valueRequired":true,"valueName":"search_term_string"}}],"inLanguage":"fr-FR"},{"@type":"Organization","@id":"https:\/\/firstmemorialfairview.com\/fr\/#organization","name":"First Memorial Funeral Services","url":"https:\/\/firstmemorialfairview.com\/fr\/","logo":{"@type":"ImageObject","inLanguage":"fr-FR","@id":"https:\/\/firstmemorialfairview.com\/fr\/#\/schema\/logo\/image\/","url":"https:\/\/firstmemorialfairview.com\/wp-content\/uploads\/2022\/07\/logo.png","contentUrl":"https:\/\/firstmemorialfairview.com\/wp-content\/uploads\/2022\/07\/logo.png","width":190,"height":117,"caption":"First Memorial Funeral Services"},"image":{"@id":"https:\/\/firstmemorialfairview.com\/fr\/#\/schema\/logo\/image\/"}}]}},"_links":{"self":[{"href":"https:\/\/firstmemorialfairview.com\/fr\/wp-json\/wp\/v2\/orbituaries\/12809","targetHints":{"allow":["GET"]}}],"collection":[{"href":"https:\/\/firstmemorialfairview.com\/fr\/wp-json\/wp\/v2\/orbituaries"}],"about":[{"href":"https:\/\/firstmemorialfairview.com\/fr\/wp-json\/wp\/v2\/types\/orbituaries"}],"replies":[{"embeddable":true,"href":"https:\/\/firstmemorialfairview.com\/fr\/wp-json\/wp\/v2\/comments?post=12809"}],"wp:featuredmedia":[{"embeddable":true,"href":"https:\/\/firstmemorialfairview.com\/fr\/wp-json\/wp\/v2\/media\/13485"}],"wp:attachment":[{"href":"https:\/\/firstmemorialfairview.com\/fr\/wp-json\/wp\/v2\/media?parent=12809"}],"curies":[{"name":"wp","href":"https:\/\/api.w.org\/{rel}","templated":true}]}}